{"id":1192,"date":"2022-10-04T09:21:08","date_gmt":"2022-10-04T07:21:08","guid":{"rendered":"http:\/\/emrwine.eu\/news\/"},"modified":"2023-09-19T18:36:46","modified_gmt":"2023-09-19T16:36:46","slug":"actualites","status":"publish","type":"page","link":"https:\/\/emrwine.eu\/fr\/actualites\/","title":{"rendered":"Actualit\u00e9s"},"content":{"rendered":"\t\t<div data-elementor-type=\"wp-page\" data-elementor-id=\"1192\" class=\"elementor elementor-1192 elementor-1166\">\n\t\t\t\t\t\t<section class=\"elementor-section elementor-top-section elementor-element elementor-element-88dd38a elementor-section-stretched elementor-section-boxed elementor-section-height-default elementor-section-height-default\" data-id=\"88dd38a\" data-element_type=\"section\" data-settings=\"{&quot;stretch_section&quot;:&quot;section-stretched&quot;,&quot;background_background&quot;:&quot;classic&quot;}\">\n\t\t\t\t\t\t<div class=\"elementor-container elementor-column-gap-default\">\n\t\t\t\t\t<div class=\"elementor-column elementor-col-100 elementor-top-column elementor-element elementor-element-8989c49\" data-id=\"8989c49\" data-element_type=\"column\" data-settings=\"{&quot;background_background&quot;:&quot;classic&quot;}\">\n\t\t\t<div class=\"elementor-widget-wrap elementor-element-populated\">\n\t\t\t\t\t\t<div class=\"elementor-element elementor-element-8381bec maxwidthbox elementor-widget elementor-widget-heading\" data-id=\"8381bec\" data-element_type=\"widget\" data-widget_type=\"heading.default\">\n\t\t\t\t<div class=\"elementor-widget-container\">\n\t\t\t\t\t<h1 class=\"elementor-heading-title elementor-size-default\">Derni\u00e8res nouvelles<\/h1>\t\t\t\t<\/div>\n\t\t\t\t<\/div>\n\t\t\t\t\t<\/div>\n\t\t<\/div>\n\t\t\t\t\t<\/div>\n\t\t<\/section>\n\t\t\t\t<section class=\"elementor-section elementor-top-section elementor-element elementor-element-a01a9bd elementor-section-height-min-height elementor-section-items-top elementor-section-boxed elementor-section-height-default\" data-id=\"a01a9bd\" data-element_type=\"section\">\n\t\t\t\t\t\t<div class=\"elementor-container elementor-column-gap-default\">\n\t\t\t\t\t<div class=\"elementor-column elementor-col-100 elementor-top-column elementor-element elementor-element-9bf99a6\" data-id=\"9bf99a6\" data-element_type=\"column\">\n\t\t\t<div class=\"elementor-widget-wrap elementor-element-populated\">\n\t\t\t\t\t\t<div class=\"elementor-element elementor-element-2c99457 elementor-grid-3 elementor-grid-tablet-2 elementor-grid-mobile-1 elementor-posts--thumbnail-top elementor-widget elementor-widget-posts\" data-id=\"2c99457\" data-element_type=\"widget\" data-settings=\"{&quot;classic_row_gap&quot;:{&quot;unit&quot;:&quot;px&quot;,&quot;size&quot;:30,&quot;sizes&quot;:[]},&quot;pagination_type&quot;:&quot;numbers&quot;,&quot;classic_columns&quot;:&quot;3&quot;,&quot;classic_columns_tablet&quot;:&quot;2&quot;,&quot;classic_columns_mobile&quot;:&quot;1&quot;,&quot;classic_row_gap_tablet_extra&quot;:{&quot;unit&quot;:&quot;px&quot;,&quot;size&quot;:&quot;&quot;,&quot;sizes&quot;:[]},&quot;classic_row_gap_tablet&quot;:{&quot;unit&quot;:&quot;px&quot;,&quot;size&quot;:&quot;&quot;,&quot;sizes&quot;:[]},&quot;classic_row_gap_mobile&quot;:{&quot;unit&quot;:&quot;px&quot;,&quot;size&quot;:&quot;&quot;,&quot;sizes&quot;:[]}}\" data-widget_type=\"posts.classic\">\n\t\t\t\t<div class=\"elementor-widget-container\">\n\t\t\t\t\t\t\t<div class=\"elementor-posts-container elementor-posts elementor-posts--skin-classic elementor-grid\">\n\t\t\t\t<article class=\"elementor-post elementor-grid-item post-2664 news-article type-news-article status-publish has-post-thumbnail hentry\">\n\t\t\t\t<a class=\"elementor-post__thumbnail__link\" href=\"https:\/\/emrwine.eu\/fr\/news-article\/tastefever-un-outil-numerique-pour-les-petits-viticulteurs\/\">\n\t\t\t<div class=\"elementor-post__thumbnail\"><img fetchpriority=\"high\" decoding=\"async\" width=\"800\" height=\"450\" src=\"https:\/\/emrwine.eu\/wp-content\/uploads\/2024\/10\/pexels-gonzalo-acuna-166058093-10923023-1024x576.jpg\" class=\"attachment-large size-large wp-image-2663\" alt=\"\" srcset=\"https:\/\/emrwine.eu\/wp-content\/uploads\/2024\/10\/pexels-gonzalo-acuna-166058093-10923023-1024x576.jpg 1024w, https:\/\/emrwine.eu\/wp-content\/uploads\/2024\/10\/pexels-gonzalo-acuna-166058093-10923023-300x169.jpg 300w, https:\/\/emrwine.eu\/wp-content\/uploads\/2024\/10\/pexels-gonzalo-acuna-166058093-10923023-768x432.jpg 768w, https:\/\/emrwine.eu\/wp-content\/uploads\/2024\/10\/pexels-gonzalo-acuna-166058093-10923023-1536x864.jpg 1536w, https:\/\/emrwine.eu\/wp-content\/uploads\/2024\/10\/pexels-gonzalo-acuna-166058093-10923023-2048x1152.jpg 2048w\" sizes=\"(max-width: 800px) 100vw, 800px\" \/><\/div>\n\t\t<\/a>\n\t\t\t\t<div class=\"elementor-post__text\">\n\t\t\t\t<h2 class=\"elementor-post__title\">\n\t\t\t<a href=\"https:\/\/emrwine.eu\/fr\/news-article\/tastefever-un-outil-numerique-pour-les-petits-viticulteurs\/\">\n\t\t\t\tTastefever : un outil num\u00e9rique pour les petits viticulteurs\t\t\t<\/a>\n\t\t<\/h2>\n\t\t\t\t<div class=\"elementor-post__meta-data\">\n\t\t\t\t\t<span class=\"elementor-post-date\">\n\t\t\t3 octobre 2024\t\t<\/span>\n\t\t\t\t<\/div>\n\t\t\t\t<div class=\"elementor-post__excerpt\">\n\t\t\t<p>Camille Maeselle souhaite soutenir les petits viticulteurs avec Tastefever, un outil num\u00e9rique innovant. Ils pourront ainsi s&#8217;occuper de leur vraie passion et l&#8217;administration, l&#8217;optimisation de<\/p>\n\t\t<\/div>\n\t\t\t\t\t<div class=\"elementor-post__read-more-wrapper\">\n\t\t\n\t\t<a class=\"elementor-post__read-more\" href=\"https:\/\/emrwine.eu\/fr\/news-article\/tastefever-un-outil-numerique-pour-les-petits-viticulteurs\/\">\n\t\t\tLees verder\t\t<\/a>\n\n\t\t\t\t\t<\/div>\n\t\t\t\t<\/div>\n\t\t\t\t<\/article>\n\t\t\t\t<article class=\"elementor-post elementor-grid-item post-2629 news-article type-news-article status-publish has-post-thumbnail hentry\">\n\t\t\t\t<a class=\"elementor-post__thumbnail__link\" href=\"https:\/\/emrwine.eu\/fr\/news-article\/gagner-ensemble-le-succes-de-laventure-du-vin-emr\/\">\n\t\t\t<div class=\"elementor-post__thumbnail\"><img decoding=\"async\" width=\"768\" height=\"1024\" src=\"https:\/\/emrwine.eu\/wp-content\/uploads\/2024\/02\/1701776084752-768x1024.jpeg\" class=\"attachment-large size-large wp-image-2617\" alt=\"\" srcset=\"https:\/\/emrwine.eu\/wp-content\/uploads\/2024\/02\/1701776084752-768x1023.jpeg 768w, https:\/\/emrwine.eu\/wp-content\/uploads\/2024\/02\/1701776084752-225x300.jpeg 225w, https:\/\/emrwine.eu\/wp-content\/uploads\/2024\/02\/1701776084752.jpeg 800w\" sizes=\"(max-width: 768px) 100vw, 768px\" \/><\/div>\n\t\t<\/a>\n\t\t\t\t<div class=\"elementor-post__text\">\n\t\t\t\t<h2 class=\"elementor-post__title\">\n\t\t\t<a href=\"https:\/\/emrwine.eu\/fr\/news-article\/gagner-ensemble-le-succes-de-laventure-du-vin-emr\/\">\n\t\t\t\tGagner ensemble! Le succ\u00e8s de l&#8217;aventure du vin EMR!\t\t\t<\/a>\n\t\t<\/h2>\n\t\t\t\t<div class=\"elementor-post__meta-data\">\n\t\t\t\t\t<span class=\"elementor-post-date\">\n\t\t\t14 f\u00e9vrier 2024\t\t<\/span>\n\t\t\t\t<\/div>\n\t\t\t\t<div class=\"elementor-post__excerpt\">\n\t\t\t<p>L&#8217;aventure du vin EMR touche \u00e0 sa fin! Nous avons cl\u00f4tur\u00e9 ce chapitre par un fantastique \u00e9v\u00e9nement de cl\u00f4ture le 25 novembre. Merci \u00e0 nos<\/p>\n\t\t<\/div>\n\t\t\t\t\t<div class=\"elementor-post__read-more-wrapper\">\n\t\t\n\t\t<a class=\"elementor-post__read-more\" href=\"https:\/\/emrwine.eu\/fr\/news-article\/gagner-ensemble-le-succes-de-laventure-du-vin-emr\/\">\n\t\t\tLees verder\t\t<\/a>\n\n\t\t\t\t\t<\/div>\n\t\t\t\t<\/div>\n\t\t\t\t<\/article>\n\t\t\t\t<article class=\"elementor-post elementor-grid-item post-2329 news-article type-news-article status-publish has-post-thumbnail hentry\">\n\t\t\t\t<a class=\"elementor-post__thumbnail__link\" href=\"https:\/\/emrwine.eu\/fr\/news-article\/zoom-sur-domaine-des-gevrais\/\">\n\t\t\t<div class=\"elementor-post__thumbnail\"><img decoding=\"async\" width=\"800\" height=\"400\" src=\"https:\/\/emrwine.eu\/wp-content\/uploads\/2023\/08\/Gevrais-1443x721-2-1024x512.jpg\" class=\"attachment-large size-large wp-image-2611\" alt=\"\" srcset=\"https:\/\/emrwine.eu\/wp-content\/uploads\/2023\/08\/Gevrais-1443x721-2-1024x512.jpg 1024w, https:\/\/emrwine.eu\/wp-content\/uploads\/2023\/08\/Gevrais-1443x721-2-300x150.jpg 300w, https:\/\/emrwine.eu\/wp-content\/uploads\/2023\/08\/Gevrais-1443x721-2-768x384.jpg 768w, https:\/\/emrwine.eu\/wp-content\/uploads\/2023\/08\/Gevrais-1443x721-2.jpg 1443w\" sizes=\"(max-width: 800px) 100vw, 800px\" \/><\/div>\n\t\t<\/a>\n\t\t\t\t<div class=\"elementor-post__text\">\n\t\t\t\t<h2 class=\"elementor-post__title\">\n\t\t\t<a href=\"https:\/\/emrwine.eu\/fr\/news-article\/zoom-sur-domaine-des-gevrais\/\">\n\t\t\t\tZoom sur domaine des Gevrais\t\t\t<\/a>\n\t\t<\/h2>\n\t\t\t\t<div class=\"elementor-post__meta-data\">\n\t\t\t\t\t<span class=\"elementor-post-date\">\n\t\t\t4 d\u00e9cembre 2023\t\t<\/span>\n\t\t\t\t<\/div>\n\t\t\t\t<div class=\"elementor-post__excerpt\">\n\t\t\t<p>Les faites: Superficie: 1ha Vari\u00e9t\u00e9s: Muscaris B, Johanniter B, Souvignier gris N, Solaris B Production: pas encore en production Contactgegevens: Francy G\u00f6bels 4485 Les Gevrais<\/p>\n\t\t<\/div>\n\t\t\t\t\t<div class=\"elementor-post__read-more-wrapper\">\n\t\t\n\t\t<a class=\"elementor-post__read-more\" href=\"https:\/\/emrwine.eu\/fr\/news-article\/zoom-sur-domaine-des-gevrais\/\">\n\t\t\tLees verder\t\t<\/a>\n\n\t\t\t\t\t<\/div>\n\t\t\t\t<\/div>\n\t\t\t\t<\/article>\n\t\t\t\t<article class=\"elementor-post elementor-grid-item post-2260 news-article type-news-article status-publish has-post-thumbnail hentry\">\n\t\t\t\t<a class=\"elementor-post__thumbnail__link\" href=\"https:\/\/emrwine.eu\/fr\/news-article\/zoom-sur-clos-miss-amazone\/\">\n\t\t\t<div class=\"elementor-post__thumbnail\"><img loading=\"lazy\" decoding=\"async\" width=\"800\" height=\"400\" src=\"https:\/\/emrwine.eu\/wp-content\/uploads\/2023\/08\/miss-amazone-828x414-1.jpg\" class=\"attachment-large size-large wp-image-2258\" alt=\"\" srcset=\"https:\/\/emrwine.eu\/wp-content\/uploads\/2023\/08\/miss-amazone-828x414-1.jpg 828w, https:\/\/emrwine.eu\/wp-content\/uploads\/2023\/08\/miss-amazone-828x414-1-300x150.jpg 300w, https:\/\/emrwine.eu\/wp-content\/uploads\/2023\/08\/miss-amazone-828x414-1-768x384.jpg 768w\" sizes=\"(max-width: 800px) 100vw, 800px\" \/><\/div>\n\t\t<\/a>\n\t\t\t\t<div class=\"elementor-post__text\">\n\t\t\t\t<h2 class=\"elementor-post__title\">\n\t\t\t<a href=\"https:\/\/emrwine.eu\/fr\/news-article\/zoom-sur-clos-miss-amazone\/\">\n\t\t\t\tZoom sur Clos Miss Amazone\t\t\t<\/a>\n\t\t<\/h2>\n\t\t\t\t<div class=\"elementor-post__meta-data\">\n\t\t\t\t\t<span class=\"elementor-post-date\">\n\t\t\t20 novembre 2023\t\t<\/span>\n\t\t\t\t<\/div>\n\t\t\t\t<div class=\"elementor-post__excerpt\">\n\t\t\t<p>Plant\u00e9 en 1999 sur les hauteurs de Huy par Andr\u00e9 Maron, le vignoble est en cours de remise en ordre. &nbsp; Les faites:\u00a0 Superficie: 0,07ha<\/p>\n\t\t<\/div>\n\t\t\t\t\t<div class=\"elementor-post__read-more-wrapper\">\n\t\t\n\t\t<a class=\"elementor-post__read-more\" href=\"https:\/\/emrwine.eu\/fr\/news-article\/zoom-sur-clos-miss-amazone\/\">\n\t\t\tLees verder\t\t<\/a>\n\n\t\t\t\t\t<\/div>\n\t\t\t\t<\/div>\n\t\t\t\t<\/article>\n\t\t\t\t<article class=\"elementor-post elementor-grid-item post-2291 news-article type-news-article status-publish has-post-thumbnail hentry\">\n\t\t\t\t<a class=\"elementor-post__thumbnail__link\" href=\"https:\/\/emrwine.eu\/fr\/news-article\/zoom-sur-cooperative-vin-de-liege\/\">\n\t\t\t<div class=\"elementor-post__thumbnail\"><img loading=\"lazy\" decoding=\"async\" width=\"800\" height=\"400\" src=\"https:\/\/emrwine.eu\/wp-content\/uploads\/2023\/08\/vin-de-liege-0-1968x984-1-1024x512.jpg\" class=\"attachment-large size-large wp-image-2292\" alt=\"\" srcset=\"https:\/\/emrwine.eu\/wp-content\/uploads\/2023\/08\/vin-de-liege-0-1968x984-1-1024x512.jpg 1024w, https:\/\/emrwine.eu\/wp-content\/uploads\/2023\/08\/vin-de-liege-0-1968x984-1-300x150.jpg 300w, https:\/\/emrwine.eu\/wp-content\/uploads\/2023\/08\/vin-de-liege-0-1968x984-1-768x384.jpg 768w, https:\/\/emrwine.eu\/wp-content\/uploads\/2023\/08\/vin-de-liege-0-1968x984-1-1536x768.jpg 1536w, https:\/\/emrwine.eu\/wp-content\/uploads\/2023\/08\/vin-de-liege-0-1968x984-1.jpg 1968w\" sizes=\"(max-width: 800px) 100vw, 800px\" \/><\/div>\n\t\t<\/a>\n\t\t\t\t<div class=\"elementor-post__text\">\n\t\t\t\t<h2 class=\"elementor-post__title\">\n\t\t\t<a href=\"https:\/\/emrwine.eu\/fr\/news-article\/zoom-sur-cooperative-vin-de-liege\/\">\n\t\t\t\tZoom sur Coop\u00e9rative Vin de Li\u00e8ge\t\t\t<\/a>\n\t\t<\/h2>\n\t\t\t\t<div class=\"elementor-post__meta-data\">\n\t\t\t\t\t<span class=\"elementor-post-date\">\n\t\t\t16 novembre 2023\t\t<\/span>\n\t\t\t\t<\/div>\n\t\t\t\t<div class=\"elementor-post__excerpt\">\n\t\t\t<p>Fond\u00e9e en 2010, la coop\u00e9rative \u00e0 finalit\u00e9 sociale Vin de Li\u00e8ge fut la premi\u00e8re structure du genre en Wallonie. Elle compte aujourd\u2019hui plus de 2300<\/p>\n\t\t<\/div>\n\t\t\t\t\t<div class=\"elementor-post__read-more-wrapper\">\n\t\t\n\t\t<a class=\"elementor-post__read-more\" href=\"https:\/\/emrwine.eu\/fr\/news-article\/zoom-sur-cooperative-vin-de-liege\/\">\n\t\t\tLees verder\t\t<\/a>\n\n\t\t\t\t\t<\/div>\n\t\t\t\t<\/div>\n\t\t\t\t<\/article>\n\t\t\t\t<article class=\"elementor-post elementor-grid-item post-2302 news-article type-news-article status-publish has-post-thumbnail hentry\">\n\t\t\t\t<a class=\"elementor-post__thumbnail__link\" href=\"https:\/\/emrwine.eu\/fr\/news-article\/zoom-sur-cooperative-vin-du-pays-de-herve\/\">\n\t\t\t<div class=\"elementor-post__thumbnail\"><img loading=\"lazy\" decoding=\"async\" width=\"800\" height=\"400\" src=\"https:\/\/emrwine.eu\/wp-content\/uploads\/2023\/08\/vin-pays-herve-1-1968x984-1-1024x512.jpg\" class=\"attachment-large size-large wp-image-2300\" alt=\"\" srcset=\"https:\/\/emrwine.eu\/wp-content\/uploads\/2023\/08\/vin-pays-herve-1-1968x984-1-1024x512.jpg 1024w, https:\/\/emrwine.eu\/wp-content\/uploads\/2023\/08\/vin-pays-herve-1-1968x984-1-300x150.jpg 300w, https:\/\/emrwine.eu\/wp-content\/uploads\/2023\/08\/vin-pays-herve-1-1968x984-1-768x384.jpg 768w, https:\/\/emrwine.eu\/wp-content\/uploads\/2023\/08\/vin-pays-herve-1-1968x984-1-1536x768.jpg 1536w, https:\/\/emrwine.eu\/wp-content\/uploads\/2023\/08\/vin-pays-herve-1-1968x984-1.jpg 1968w\" sizes=\"(max-width: 800px) 100vw, 800px\" \/><\/div>\n\t\t<\/a>\n\t\t\t\t<div class=\"elementor-post__text\">\n\t\t\t\t<h2 class=\"elementor-post__title\">\n\t\t\t<a href=\"https:\/\/emrwine.eu\/fr\/news-article\/zoom-sur-cooperative-vin-du-pays-de-herve\/\">\n\t\t\t\tZoom sur Coop\u00e9rative Vin du Pays de Herve\t\t\t<\/a>\n\t\t<\/h2>\n\t\t\t\t<div class=\"elementor-post__meta-data\">\n\t\t\t\t\t<span class=\"elementor-post-date\">\n\t\t\t13 novembre 2023\t\t<\/span>\n\t\t\t\t<\/div>\n\t\t\t\t<div class=\"elementor-post__excerpt\">\n\t\t\t<p>Cr\u00e9\u00e9e en 2017 \u00e0 Plombi\u00e8res,la coop\u00e9rative a \u00e9t\u00e9 financ\u00e9e gr\u00e2ce \u00e0 plusieurs campagnes de crowdfunding qui ont convaincu 600 coop\u00e9rateurs priv\u00e9s pour un budget de<\/p>\n\t\t<\/div>\n\t\t\t\t\t<div class=\"elementor-post__read-more-wrapper\">\n\t\t\n\t\t<a class=\"elementor-post__read-more\" href=\"https:\/\/emrwine.eu\/fr\/news-article\/zoom-sur-cooperative-vin-du-pays-de-herve\/\">\n\t\t\tLees verder\t\t<\/a>\n\n\t\t\t\t\t<\/div>\n\t\t\t\t<\/div>\n\t\t\t\t<\/article>\n\t\t\t\t<\/div>\n\t\t\n\t\t\t\t<div class=\"e-load-more-anchor\" data-page=\"1\" data-max-page=\"7\" data-next-page=\"https:\/\/emrwine.eu\/fr\/wp-json\/wp\/v2\/pages\/1192\/page\/2\/\"><\/div>\n\t\t\t\t<nav class=\"elementor-pagination\" aria-label=\"Pagination\">\n\t\t\t<span aria-current=\"page\" class=\"page-numbers current\"><span class=\"elementor-screen-only\">Page<\/span>1<\/span>\n<a class=\"page-numbers\" href=\"https:\/\/emrwine.eu\/fr\/wp-json\/wp\/v2\/pages\/1192\/page\/2\/\"><span class=\"elementor-screen-only\">Page<\/span>2<\/a>\n<a class=\"page-numbers\" href=\"https:\/\/emrwine.eu\/fr\/wp-json\/wp\/v2\/pages\/1192\/page\/3\/\"><span class=\"elementor-screen-only\">Page<\/span>3<\/a>\n<a class=\"page-numbers\" href=\"https:\/\/emrwine.eu\/fr\/wp-json\/wp\/v2\/pages\/1192\/page\/4\/\"><span class=\"elementor-screen-only\">Page<\/span>4<\/a>\n<a class=\"page-numbers\" href=\"https:\/\/emrwine.eu\/fr\/wp-json\/wp\/v2\/pages\/1192\/page\/5\/\"><span class=\"elementor-screen-only\">Page<\/span>5<\/a>\n<a class=\"page-numbers\" href=\"https:\/\/emrwine.eu\/fr\/wp-json\/wp\/v2\/pages\/1192\/page\/6\/\"><span class=\"elementor-screen-only\">Page<\/span>6<\/a>\n<a class=\"page-numbers\" href=\"https:\/\/emrwine.eu\/fr\/wp-json\/wp\/v2\/pages\/1192\/page\/7\/\"><span class=\"elementor-screen-only\">Page<\/span>7<\/a>\t\t<\/nav>\n\t\t\t\t\t\t<\/div>\n\t\t\t\t<\/div>\n\t\t\t\t\t<\/div>\n\t\t<\/div>\n\t\t\t\t\t<\/div>\n\t\t<\/section>\n\t\t\t\t<\/div>\n\t\t","protected":false},"excerpt":{"rendered":"<p>Derni\u00e8res nouvelles<\/p>\n","protected":false},"author":1,"featured_media":0,"parent":0,"menu_order":0,"comment_status":"closed","ping_status":"closed","template":"","meta":{"inline_featured_image":false,"footnotes":""},"class_list":["post-1192","page","type-page","status-publish","hentry"],"_links":{"self":[{"href":"https:\/\/emrwine.eu\/fr\/wp-json\/wp\/v2\/pages\/1192","targetHints":{"allow":["GET"]}}],"collection":[{"href":"https:\/\/emrwine.eu\/fr\/wp-json\/wp\/v2\/pages"}],"about":[{"href":"https:\/\/emrwine.eu\/fr\/wp-json\/wp\/v2\/types\/page"}],"author":[{"embeddable":true,"href":"https:\/\/emrwine.eu\/fr\/wp-json\/wp\/v2\/users\/1"}],"replies":[{"embeddable":true,"href":"https:\/\/emrwine.eu\/fr\/wp-json\/wp\/v2\/comments?post=1192"}],"version-history":[{"count":5,"href":"https:\/\/emrwine.eu\/fr\/wp-json\/wp\/v2\/pages\/1192\/revisions"}],"predecessor-version":[{"id":2487,"href":"https:\/\/emrwine.eu\/fr\/wp-json\/wp\/v2\/pages\/1192\/revisions\/2487"}],"wp:attachment":[{"href":"https:\/\/emrwine.eu\/fr\/wp-json\/wp\/v2\/media?parent=1192"}],"curies":[{"name":"wp","href":"https:\/\/api.w.org\/{rel}","templated":true}]}}